{"id":15674,"date":"2020-09-21T22:08:11","date_gmt":"2020-09-21T20:08:11","guid":{"rendered":"http:\/\/synchrotron.org.pl\/?page_id=15674"},"modified":"2020-11-01T18:51:48","modified_gmt":"2020-11-01T16:51:48","slug":"wybory-wladz-2020","status":"publish","type":"page","link":"https:\/\/synchrotron.org.pl\/?page_id=15674","title":{"rendered":"Wybory w\u0142adz 2020"},"content":{"rendered":"\t\t<div data-elementor-type=\"wp-page\" data-elementor-id=\"15674\" class=\"elementor elementor-15674\" data-elementor-settings=\"[]\">\n\t\t\t\t\t\t<div class=\"elementor-inner\">\n\t\t\t\t\t\t\t<div class=\"elementor-section-wrap\">\n\t\t\t\t\t\t\t<section class=\"elementor-section elementor-top-section elementor-element elementor-element-205956bf elementor-section-boxed elementor-section-height-default elementor-section-height-default\" data-id=\"205956bf\" data-element_type=\"section\">\n\t\t\t\t\t\t<div class=\"elementor-container elementor-column-gap-default\">\n\t\t\t\t\t\t\t<div class=\"elementor-row\">\n\t\t\t\t\t<div class=\"elementor-column elementor-col-100 elementor-top-column elementor-element elementor-element-3c112953\" data-id=\"3c112953\" data-element_type=\"column\">\n\t\t\t<div class=\"elementor-column-wrap elementor-element-populated\">\n\t\t\t\t\t\t\t<div class=\"elementor-widget-wrap\">\n\t\t\t\t\t\t<div class=\"elementor-element elementor-element-378c1880 elementor-widget elementor-widget-text-editor\" data-id=\"378c1880\" data-element_type=\"widget\" data-widget_type=\"text-editor.default\">\n\t\t\t\t<div class=\"elementor-widget-container\">\n\t\t\t\t\t\t\t\t<div class=\"elementor-text-editor elementor-clearfix\">\n\t\t\t\t<div>Zgodnie z uchwa\u0142\u0105 Walnego Zebrania PTPS podj\u0119t\u0105 w dniu 9 wrze\u015bnia 2020 roku w tegorocznych wyborach Prezesa PTPS,<\/div><div>cz\u0142onk\u00f3w Zarz\u0105du PTPS i cz\u0142onk\u00f3w Komisji Rewizyjnej PTPS na kadencj\u0119 2020-2023 g\u0142osowania zostan\u0105 przeprowadzone<\/div><div>drog\u0105 internetow\u0105.<\/div><div>\u00a0<\/div><div>W trakcie zebrania Zarz\u0105du, kt\u00f3re odby\u0142o si\u0119 dnia 22 wrze\u015bnia 2020 roku o godz. 11:30, zosta\u0142a powo\u0142ana<br \/><strong>Komisja Wyborcza<\/strong>.<\/div><div>\u00a0<\/div><div>Sk\u0142ad\u00a0\u00a0<strong>Komisji Wyborczej<\/strong>\u00a0po jej ukonstytuowaniu si\u0119 jest nast\u0119puj\u0105cy:<\/div><div><p>\u2013 <span style=\"font-weight: bold;\">Anna Wolska<\/span>\u00a0(IF PAN Warszawa) &#8211; Przewodnicz\u0105ca<br \/>\u2013\u00a0<strong>Czes\u0142awa Paluszkiewicz<\/strong> (IFJ PAN, Krak\u00f3w) &#8211; Sekretarz\u00a0<br \/>\u2013\u00a0<span style=\"font-weight: bold;\">Krystyna Jab\u0142o\u0144ska<\/span>\u00a0(IF PAN, Warszawa) &#8211; Cz\u0142onkini<\/p><\/div>\t\t\t\t\t<\/div>\n\t\t\t\t\t\t<\/div>\n\t\t\t\t<\/div>\n\t\t\t\t\t\t<\/div>\n\t\t\t\t\t<\/div>\n\t\t<\/div>\n\t\t\t\t\t\t\t\t<\/div>\n\t\t\t\t\t<\/div>\n\t\t<\/section>\n\t\t\t\t<section class=\"elementor-section elementor-top-section elementor-element elementor-element-4a24f8c elementor-section-boxed elementor-section-height-default elementor-section-height-default\" data-id=\"4a24f8c\" data-element_type=\"section\">\n\t\t\t\t\t\t<div class=\"elementor-container elementor-column-gap-default\">\n\t\t\t\t\t\t\t<div class=\"elementor-row\">\n\t\t\t\t\t<div class=\"elementor-column elementor-col-100 elementor-top-column elementor-element elementor-element-557b16f\" data-id=\"557b16f\" data-element_type=\"column\">\n\t\t\t<div class=\"elementor-column-wrap elementor-element-populated\">\n\t\t\t\t\t\t\t<div class=\"elementor-widget-wrap\">\n\t\t\t\t\t\t<div class=\"elementor-element elementor-element-5d6b19d elementor-widget elementor-widget-toggle\" data-id=\"5d6b19d\" data-element_type=\"widget\" data-widget_type=\"toggle.default\">\n\t\t\t\t<div class=\"elementor-widget-container\">\n\t\t\t\t\t<div class=\"elementor-toggle\" role=\"tablist\">\n\t\t\t\t\t\t\t<div class=\"elementor-toggle-item\">\n\t\t\t\t\t<div id=\"elementor-tab-title-9791\" class=\"elementor-tab-title\" data-tab=\"1\" role=\"tab\" aria-controls=\"elementor-tab-content-9791\" aria-expanded=\"false\">\n\t\t\t\t\t\t\t\t\t\t\t\t<span class=\"elementor-toggle-icon elementor-toggle-icon-left\" aria-hidden=\"true\">\n\t\t\t\t\t\t\t\t\t\t\t\t\t\t\t<span class=\"elementor-toggle-icon-closed\"><i class=\"fas fa-caret-right\"><\/i><\/span>\n\t\t\t\t\t\t\t\t<span class=\"elementor-toggle-icon-opened\"><i class=\"elementor-toggle-icon-opened fas fa-caret-up\"><\/i><\/span>\n\t\t\t\t\t\t\t\t\t\t\t\t\t<\/span>\n\t\t\t\t\t\t\t\t\t\t\t\t<a href=\"\" class=\"elementor-toggle-title\">Terminarz wybor\u00f3w 2020<\/a>\n\t\t\t\t\t<\/div>\n\n\t\t\t\t\t<div id=\"elementor-tab-content-9791\" class=\"elementor-tab-content elementor-clearfix\" data-tab=\"1\" role=\"tabpanel\" aria-labelledby=\"elementor-tab-title-9791\"><p>Drodzy Cz\u0142onkowie Polskiego Towarzystwa Promieniowania Synchrotronowego!<\/p><p><br \/>Komisja Wyborcza PTPS ustali\u0142a nast\u0119puj\u0105cy tryb i terminarz przeprowadzenia wybor\u00f3w:<\/p><p>1. Do 8 pa\u017adziernika 2020 roku zg\u0142aszanie Kandydat\u00f3w na stanowisko Prezesa, do Zarz\u0105du i do Komisji Rewizyjnej oraz dostarczenie przez nich pisemnej zgody na kandydowanie na adres e-mailowy: <a href=\"mailto:wybory@synchrotron.org.pl\">wybory@synchrotron.org.pl<\/a><br \/>Zgoda na kandydowanie musi zawiera\u0107 informacj\u0119 o stanowisku, na kt\u00f3re dana osoba kandyduje oraz w\u0142asnor\u0119czny podpis Kandydata zgodnie z szablonem, kt\u00f3ry b\u0119dzie dost\u0119pny na stronie PTPS dotycz\u0105cej wybor\u00f3w: <a href=\"https:\/\/synchrotron.org.pl\/?page_id=15674\">https:\/\/synchrotron.org.pl\/?page_id=15674<\/a>. Dozwolone jest przes\u0142anie jej w formie przeskanowanego dokumentu. Dodatkowo zach\u0119camy Kandydat\u00f3w do za\u0142\u0105czenia w osobnym pliku informacji o sobie, chocia\u017c nie jest to warunek konieczny kandydowania.<\/p><p>2. Kandydaci na Prezesa i do Zarz\u0105du nie mog\u0105 jednocze\u015bnie kandydowa\u0107 do Komisji Rewizyjnej. Kandydaci na Prezesa mog\u0105 kandydowa\u0107 tak\u017ce do Zarz\u0105du, z tym \u017ce prawomocnie wybrany Prezes zostanie wykre\u015blony z listy Kandydat\u00f3w do Zarz\u0105du.<\/p><p>3. Lista Kandydat\u00f3w b\u0119dzie rozes\u0142ana drog\u0105 e-mailow\u0105 w dniu 9 pa\u017adziernika oraz zostanie opublikowana na stronie internetowej PTPS: www.synchrotron.org.pl<\/p><p>4. Wyb\u00f3r Prezesa odb\u0119dzie si\u0119 w dniach 13 i 14 pa\u017adziernika 2020 roku.<\/p><p>5. Wybory Cz\u0142onk\u00f3w Zarz\u0105du odb\u0119d\u0105 si\u0119 w dniach 20 i 21 pa\u017adziernika 2020 roku.<\/p><p>6. Wybory Komisji Rewizyjnej odb\u0119d\u0105 si\u0119 w dniach 27 i 28 pa\u017adziernika 2020 roku.<\/p><p>7. Aby wybory by\u0142y wa\u017cne musi by\u0107 oddane ponad 50% g\u0142os\u00f3w os\u00f3b uprawnionych do g\u0142osowania.<\/p><p>8. Je\u017celi dany etap wybor\u00f3w nie b\u0119dzie wa\u017cny, zostanie on powt\u00f3rzony, a kalendarz wyborczy b\u0119dzie odpowiednio zmodyfikowany.<\/p><p>O wynikach wybor\u00f3w wszyscy Cz\u0142onkowie zostan\u0105 powiadomieni e-mailem, dodatkowo zostan\u0105 one og\u0142oszone na stronie internetowej Towarzystwa.<\/p><p>System do g\u0142osowania dost\u0119pny b\u0119dzie pod adresem: <a href=\"http:\/\/ptps.ifpan.edu.pl\">http:\/\/ptps.ifpan.edu.pl<\/a><br \/>Loginy oraz has\u0142a otrzymaj\u0105 Pa\u0144stwo dzie\u0144 przed terminem wybor\u00f3w na adres e-mail znajduj\u0105cy si\u0119 w bazie PTPS.<br \/>Bardzo prosimy wszystkich Pa\u0144stwa o udzia\u0142 w wyborach \u2013 w razie pyta\u0144 prosimy o kontakt pod adresem: <a href=\"mailto:wybory@synchrotron.org.pl\">wybory@synchrotron.org.pl<\/a><\/p><p>Komisja Wyborcza PTPS:<br \/>Anna Wolska \u2013 przewodnicz\u0105ca<br \/>Czes\u0142awa Paluszkiewicz \u2013 sekretarz<br \/>Krystyna Jab\u0142o\u0144ska \u2013 cz\u0142onkini<\/p><\/div>\n\t\t\t\t<\/div>\n\t\t\t\t\t\t\t<div class=\"elementor-toggle-item\">\n\t\t\t\t\t<div id=\"elementor-tab-title-9792\" class=\"elementor-tab-title\" data-tab=\"2\" role=\"tab\" aria-controls=\"elementor-tab-content-9792\" aria-expanded=\"false\">\n\t\t\t\t\t\t\t\t\t\t\t\t<span class=\"elementor-toggle-icon elementor-toggle-icon-left\" aria-hidden=\"true\">\n\t\t\t\t\t\t\t\t\t\t\t\t\t\t\t<span class=\"elementor-toggle-icon-closed\"><i class=\"fas fa-caret-right\"><\/i><\/span>\n\t\t\t\t\t\t\t\t<span class=\"elementor-toggle-icon-opened\"><i class=\"elementor-toggle-icon-opened fas fa-caret-up\"><\/i><\/span>\n\t\t\t\t\t\t\t\t\t\t\t\t\t<\/span>\n\t\t\t\t\t\t\t\t\t\t\t\t<a href=\"\" class=\"elementor-toggle-title\">Kandydaci w wyborach 2020<\/a>\n\t\t\t\t\t<\/div>\n\n\t\t\t\t\t<div id=\"elementor-tab-content-9792\" class=\"elementor-tab-content elementor-clearfix\" data-tab=\"2\" role=\"tabpanel\" aria-labelledby=\"elementor-tab-title-9792\"><p>Kandydatki\/ci do w\u0142adz PTPS (w kolejno\u015bci alfabetycznej) na stanowiska:<\/p><p>Prezesa\u00a0PTPS:<br \/>1.\u00a0<a href=\"https:\/\/synchrotron.org.pl\/wp-content\/uploads\/2020\/10\/Notka-biograficzna-WKwiatek.pdf\">Wojciech\u00a0Kwiatek<\/a><\/p><p>Cz\u0142onka\u00a0Zarz\u0105du\u00a0PTPS:<br \/>1.\u00a0Joanna\u00a0Czapla-Masztafiak<br \/>2.\u00a0<a href=\"https:\/\/synchrotron.org.pl\/wp-content\/uploads\/2020\/10\/Notka-biograficzna-ADrzewieckaAntonik.pdf\">Aleksandra\u00a0Drzewiecka-Antonik<\/a><br \/>3.\u00a0Marcin\u00a0Klepka<br \/>4.\u00a0Maciej\u00a0Kozak<br \/>5.\u00a0Wojciech\u00a0Kwiatek<br \/>6.\u00a0Zuzanna\u00a0Pietralik-Moli\u0144ska<br \/>7.\u00a0<a href=\"https:\/\/synchrotron.org.pl\/wp-content\/uploads\/2020\/10\/Notka-biograficzna-EPiskorskaHomel.pdf\">Edyta\u00a0Piskorska-Hommel<\/a><br \/>8.\u00a0<a href=\"https:\/\/synchrotron.org.pl\/wp-content\/uploads\/2020\/10\/Notka-biograficzna-MSikora.pdf\">Marcin\u00a0Sikora<\/a><br \/>9.\u00a0Ryszard\u00a0Sobierajski<br \/>10.\u00a0\u00a0Marek\u00a0Stankiewicz<br \/>11.\u00a0Jakub\u00a0Szlachetko<br \/>12.\u00a0Agnieszka\u00a0Witkowska<\/p><p>Cz\u0142onka\u00a0Komisji\u00a0Rewizyjnej\u00a0PTPS:<br \/>1.\u00a0Jolanta\u00a0Darul<br \/>2.\u00a0Zbigniew\u00a0Kaszkur<br \/>3.\u00a0<a href=\"https:\/\/synchrotron.org.pl\/wp-content\/uploads\/2020\/10\/Notka-biograficzna-BKowalski.pdf\">Bogdan\u00a0Kowalski<\/a><br \/>4.\u00a0Pawe\u0142\u00a0Piszora<\/p><\/div>\n\t\t\t\t<\/div>\n\t\t\t\t\t\t\t<div class=\"elementor-toggle-item\">\n\t\t\t\t\t<div id=\"elementor-tab-title-9793\" class=\"elementor-tab-title\" data-tab=\"3\" role=\"tab\" aria-controls=\"elementor-tab-content-9793\" aria-expanded=\"false\">\n\t\t\t\t\t\t\t\t\t\t\t\t<span class=\"elementor-toggle-icon elementor-toggle-icon-left\" aria-hidden=\"true\">\n\t\t\t\t\t\t\t\t\t\t\t\t\t\t\t<span class=\"elementor-toggle-icon-closed\"><i class=\"fas fa-caret-right\"><\/i><\/span>\n\t\t\t\t\t\t\t\t<span class=\"elementor-toggle-icon-opened\"><i class=\"elementor-toggle-icon-opened fas fa-caret-up\"><\/i><\/span>\n\t\t\t\t\t\t\t\t\t\t\t\t\t<\/span>\n\t\t\t\t\t\t\t\t\t\t\t\t<a href=\"\" class=\"elementor-toggle-title\">Obwieszczenie komisji wyborczej w wyborach 2020<\/a>\n\t\t\t\t\t<\/div>\n\n\t\t\t\t\t<div id=\"elementor-tab-content-9793\" class=\"elementor-tab-content elementor-clearfix\" data-tab=\"3\" role=\"tabpanel\" aria-labelledby=\"elementor-tab-title-9793\"><p>Komisja Wyborcza przeprowadzi\u0142a drog\u0105 elektroniczn\u0105 wybory\u00a0statutowych w\u0142adz PTPS. Wynik wybor\u00f3w opisuj\u0105 poni\u017csze protoko\u0142y:<\/p><p>\u2013\u00a0<a href=\"https:\/\/synchrotron.org.pl\/wp-content\/uploads\/2020\/10\/protok\u00f3\u0142-wybory-prezes_2020.pdf\">protok\u00f3\u0142 g\u0142osowania elektronicznego w wyborach Prezesa PTPS<\/a>,<\/p><p>\u2013\u00a0<a href=\"https:\/\/synchrotron.org.pl\/wp-content\/uploads\/2020\/10\/protok\u00f3\u0142-wybory-zarz\u0105d_2020.pdf\">protok\u00f3\u0142 g\u0142osowania elektronicznego w wyborach Zarz\u0105du PTPS<\/a>,<\/p><p>\u2013 <a href=\"https:\/\/synchrotron.org.pl\/wp-content\/uploads\/2020\/11\/protok\u00f3\u0142-wybory-komisja_2020.pdf\">protok\u00f3\u0142 g\u0142osowania elektronicznego w wyborach Komisji Rewizyjnej<\/a><\/p><\/div>\n\t\t\t\t<\/div>\n\t\t\t\t\t\t\t\t<\/div>\n\t\t\t\t<\/div>\n\t\t\t\t<\/div>\n\t\t\t\t<div class=\"elementor-element elementor-element-566d390 elementor-position-left elementor-view-default elementor-vertical-align-top elementor-widget elementor-widget-icon-box\" data-id=\"566d390\" data-element_type=\"widget\" data-widget_type=\"icon-box.default\">\n\t\t\t\t<div class=\"elementor-widget-container\">\n\t\t\t\t\t<div class=\"elementor-icon-box-wrapper\">\n\t\t\t\t\t\t<div class=\"elementor-icon-box-icon\">\n\t\t\t\t<a class=\"elementor-icon elementor-animation-\" href=\"https:\/\/synchrotron.org.pl\/wp-content\/uploads\/2020\/09\/Kandydat-PTPS-zgoda-1.pdf\" target=\"_blank\">\n\t\t\t\t<i aria-hidden=\"true\" class=\"fas fa-file-pdf\"><\/i>\t\t\t\t<\/a>\n\t\t\t<\/div>\n\t\t\t\t\t\t<div class=\"elementor-icon-box-content\">\n\t\t\t\t<h3 class=\"elementor-icon-box-title\">\n\t\t\t\t\t<a href=\"https:\/\/synchrotron.org.pl\/wp-content\/uploads\/2020\/09\/Kandydat-PTPS-zgoda-1.pdf\" target=\"_blank\" >\n\t\t\t\t\t\tZgoda na kandydowanie\t\t\t\t\t<\/a>\n\t\t\t\t<\/h3>\n\t\t\t\t\t\t\t<\/div>\n\t\t<\/div>\n\t\t\t\t<\/div>\n\t\t\t\t<\/div>\n\t\t\t\t<div class=\"elementor-element elementor-element-64f1f28 elementor-position-left elementor-view-default elementor-vertical-align-top elementor-widget elementor-widget-icon-box\" data-id=\"64f1f28\" data-element_type=\"widget\" data-widget_type=\"icon-box.default\">\n\t\t\t\t<div class=\"elementor-widget-container\">\n\t\t\t\t\t<div class=\"elementor-icon-box-wrapper\">\n\t\t\t\t\t\t<div class=\"elementor-icon-box-icon\">\n\t\t\t\t<a class=\"elementor-icon elementor-animation-\" href=\"https:\/\/synchrotron.org.pl\/wp-content\/uploads\/2020\/09\/Kandydat-PTPS-zgoda-2.docx\" target=\"_blank\">\n\t\t\t\t<i aria-hidden=\"true\" class=\"fas fa-file-word\"><\/i>\t\t\t\t<\/a>\n\t\t\t<\/div>\n\t\t\t\t\t\t<div class=\"elementor-icon-box-content\">\n\t\t\t\t<h3 class=\"elementor-icon-box-title\">\n\t\t\t\t\t<a href=\"https:\/\/synchrotron.org.pl\/wp-content\/uploads\/2020\/09\/Kandydat-PTPS-zgoda-2.docx\" target=\"_blank\" >\n\t\t\t\t\t\tZgoda na kandydowanie\t\t\t\t\t<\/a>\n\t\t\t\t<\/h3>\n\t\t\t\t\t\t\t<\/div>\n\t\t<\/div>\n\t\t\t\t<\/div>\n\t\t\t\t<\/div>\n\t\t\t\t\t\t<\/div>\n\t\t\t\t\t<\/div>\n\t\t<\/div>\n\t\t\t\t\t\t\t\t<\/div>\n\t\t\t\t\t<\/div>\n\t\t<\/section>\n\t\t\t\t\t\t<\/div>\n\t\t\t\t\t\t<\/div>\n\t\t\t\t\t<\/div>\n\t\t","protected":false},"excerpt":{"rendered":"<p>Zgodnie z uchwa\u0142\u0105 Walnego Zebrania PTPS podj\u0119t\u0105 w dniu 9 wrze\u015bnia 2020 roku w tegorocznych wyborach Prezesa PTPS,cz\u0142onk\u00f3w Zarz\u0105du PTPS i cz\u0142onk\u00f3w Komisji Rewizyjnej PTPS na kadencj\u0119 2020-2023 g\u0142osowania zostan\u0105 przeprowadzonedrog\u0105 internetow\u0105.\u00a0W trakcie zebrania Zarz\u0105du, kt\u00f3re odby\u0142o si\u0119 dnia 22 wrze\u015bnia 2020 roku o godz. 11:30, zosta\u0142a powo\u0142anaKomisja Wyborcza.\u00a0Sk\u0142ad\u00a0\u00a0Komisji Wyborczej\u00a0po&hellip;<\/p>\n<p> <a class=\"more-link\" href=\"https:\/\/synchrotron.org.pl\/?page_id=15674\">Czytaj dalej<\/a><\/p>\n","protected":false},"author":1,"featured_media":0,"parent":0,"menu_order":0,"comment_status":"closed","ping_status":"closed","template":"","meta":{"footnotes":""},"_links":{"self":[{"href":"https:\/\/synchrotron.org.pl\/index.php?rest_route=\/wp\/v2\/pages\/15674"}],"collection":[{"href":"https:\/\/synchrotron.org.pl\/index.php?rest_route=\/wp\/v2\/pages"}],"about":[{"href":"https:\/\/synchrotron.org.pl\/index.php?rest_route=\/wp\/v2\/types\/page"}],"author":[{"embeddable":true,"href":"https:\/\/synchrotron.org.pl\/index.php?rest_route=\/wp\/v2\/users\/1"}],"replies":[{"embeddable":true,"href":"https:\/\/synchrotron.org.pl\/index.php?rest_route=%2Fwp%2Fv2%2Fcomments&post=15674"}],"version-history":[{"count":13,"href":"https:\/\/synchrotron.org.pl\/index.php?rest_route=\/wp\/v2\/pages\/15674\/revisions"}],"predecessor-version":[{"id":15813,"href":"https:\/\/synchrotron.org.pl\/index.php?rest_route=\/wp\/v2\/pages\/15674\/revisions\/15813"}],"wp:attachment":[{"href":"https:\/\/synchrotron.org.pl\/index.php?rest_route=%2Fwp%2Fv2%2Fmedia&parent=15674"}],"curies":[{"name":"wp","href":"https:\/\/api.w.org\/{rel}","templated":true}]}}